
{"id":274,"date":"2016-05-23T12:51:50","date_gmt":"2016-05-23T12:51:50","guid":{"rendered":"http:\/\/sc37mihaieminescu.ro\/?page_id=274"},"modified":"2018-10-29T08:38:19","modified_gmt":"2018-10-29T08:38:19","slug":"proiecte-europene","status":"publish","type":"page","link":"https:\/\/old.scmihaieminescu.ro\/?page_id=274","title":{"rendered":"PROIECTE EUROPENE"},"content":{"rendered":"<p style=\"text-align: center;\"><strong>\u00cen \u00a0perioada 2008-2014 \u015fcoala noastr\u0103 a fost implicat\u0103 \u00een urm\u0103toarele<\/strong><\/p>\n<p style=\"text-align: center;\"><strong> Proiecte Europene COMENIUS:<\/strong><\/p>\n<h6>\u201cUNITED \u00a0IN CULTURAL \u00a0DIVERSITY\u201d\u00a0 &#8211; PROIECT MULTILATERAL DESF\u0102\u015eURAT\u00a0 \u00ceN PERIOADA 2008-2010<\/h6>\n<h6>\u201dUNDERSTANDING OUR ENVIRONMENT\u201d\u2013 PROIECT MULTILATERAL DESF\u0102\u015eURAT \u00ceN PERIOADA 2010-2012<\/h6>\n<h6>\u2018\u2019TOWARDS OUR CULTURAL EUROPEAN IDENTITY\u201d \u2013 PROIECT BILATERAL DESF\u0102\u015eURAT \u00ceN PERIOADA 2010-2012<\/h6>\n<h6>\u201cSUSTAINABLE \u00a0SCHOOL INDICATORS\u201d &#8211; PROIECT MULTILATERAL DESF\u0102\u015eURAT \u00ceN PERIOADA 2012-2014<\/h6>\n<p><a href=\"http:\/\/scmihaieminescu.ro\/wp-content\/uploads\/2016\/03\/proiecte_europene08_small.jpg\" rel=\"attachment wp-att-110\"><img loading=\"lazy\" class=\"alignnone wp-image-110 size-full\" src=\"http:\/\/scmihaieminescu.ro\/wp-content\/uploads\/2016\/03\/proiecte_europene08_small.jpg\" alt=\"proiecte_europene08_small\" width=\"150\" height=\"113\" \/><\/a><a href=\"http:\/\/scmihaieminescu.ro\/wp-content\/uploads\/2016\/03\/proiecte_europene09_small.jpg\" rel=\"attachment wp-att-112\"><img loading=\"lazy\" class=\"alignnone wp-image-112 size-full\" src=\"http:\/\/scmihaieminescu.ro\/wp-content\/uploads\/2016\/03\/proiecte_europene09_small.jpg\" alt=\"proiecte_europene09_small\" width=\"150\" height=\"113\" \/><\/a><a href=\"http:\/\/scmihaieminescu.ro\/wp-content\/uploads\/2016\/03\/proiecte_europene05_small.jpg\" rel=\"attachment wp-att-104\"><img loading=\"lazy\" class=\"alignnone wp-image-104 size-full\" src=\"http:\/\/scmihaieminescu.ro\/wp-content\/uploads\/2016\/03\/proiecte_europene05_small.jpg\" alt=\"proiecte_europene05_small\" width=\"150\" height=\"113\" \/><\/a><a href=\"http:\/\/scmihaieminescu.ro\/wp-content\/uploads\/2016\/03\/proiecte_europene01_small.jpg\" rel=\"attachment wp-att-96\"><img loading=\"lazy\" class=\"alignnone wp-image-96 size-full\" src=\"http:\/\/scmihaieminescu.ro\/wp-content\/uploads\/2016\/03\/proiecte_europene01_small.jpg\" alt=\"proiecte_europene01_small\" width=\"150\" height=\"113\" \/><\/a><a href=\"http:\/\/scmihaieminescu.ro\/wp-content\/uploads\/2016\/03\/proiecte_europene03_small.jpg\" rel=\"attachment wp-att-100\"><img loading=\"lazy\" class=\"alignnone wp-image-100 size-full\" src=\"http:\/\/scmihaieminescu.ro\/wp-content\/uploads\/2016\/03\/proiecte_europene03_small.jpg\" alt=\"proiecte_europene03_small\" width=\"150\" height=\"113\" \/><\/a><a href=\"http:\/\/scmihaieminescu.ro\/wp-content\/uploads\/2016\/03\/proiecte_europene07_small.jpg\" rel=\"attachment wp-att-108\"><img loading=\"lazy\" class=\"alignnone wp-image-108 size-full\" src=\"http:\/\/scmihaieminescu.ro\/wp-content\/uploads\/2016\/03\/proiecte_europene07_small.jpg\" alt=\"proiecte_europene07_small\" width=\"150\" height=\"113\" \/><\/a><\/p>\n","protected":false},"excerpt":{"rendered":"<p>\u00cen \u00a0perioada 2008-2014 \u015fcoala noastr\u0103 a fost implicat\u0103 \u00een urm\u0103toarele Proiecte Europene COMENIUS: \u201cUNITED \u00a0IN CULTURAL \u00a0DIVERSITY\u201d\u00a0 &#8211; PROIECT MULTILATERAL DESF\u0102\u015eURAT\u00a0 \u00ceN PERIOADA 2008-2010 \u201dUNDERSTANDING OUR ENVIRONMENT\u201d\u2013 PROIECT MULTILATERAL DESF\u0102\u015eURAT \u00ceN PERIOADA 2010-2012 \u2018\u2019TOWARDS OUR CULTURAL EUROPEAN IDENTITY\u201d \u2013 PROIECT BILATERAL DESF\u0102\u015eURAT \u00ceN PERIOADA 2010-2012 \u201cSUSTAINABLE \u00a0SCHOOL INDICATORS\u201d &#8211; PROIECT MULTILATERAL DESF\u0102\u015eURAT \u00ceN PERIOADA 2012-2014<\/p>\n","protected":false},"author":1,"featured_media":0,"parent":0,"menu_order":0,"comment_status":"closed","ping_status":"closed","template":"","meta":[],"_links":{"self":[{"href":"https:\/\/old.scmihaieminescu.ro\/index.php?rest_route=\/wp\/v2\/pages\/274"}],"collection":[{"href":"https:\/\/old.scmihaieminescu.ro\/index.php?rest_route=\/wp\/v2\/pages"}],"about":[{"href":"https:\/\/old.scmihaieminescu.ro\/index.php?rest_route=\/wp\/v2\/types\/page"}],"author":[{"embeddable":true,"href":"https:\/\/old.scmihaieminescu.ro\/index.php?rest_route=\/wp\/v2\/users\/1"}],"replies":[{"embeddable":true,"href":"https:\/\/old.scmihaieminescu.ro\/index.php?rest_route=%2Fwp%2Fv2%2Fcomments&post=274"}],"version-history":[{"count":8,"href":"https:\/\/old.scmihaieminescu.ro\/index.php?rest_route=\/wp\/v2\/pages\/274\/revisions"}],"predecessor-version":[{"id":897,"href":"https:\/\/old.scmihaieminescu.ro\/index.php?rest_route=\/wp\/v2\/pages\/274\/revisions\/897"}],"wp:attachment":[{"href":"https:\/\/old.scmihaieminescu.ro\/index.php?rest_route=%2Fwp%2Fv2%2Fmedia&parent=274"}],"curies":[{"name":"wp","href":"https:\/\/api.w.org\/{rel}","templated":true}]}}